{"id":16473,"date":"2023-11-14T19:01:25","date_gmt":"2023-11-14T18:01:25","guid":{"rendered":"https:\/\/wdcl.com.co\/?page_id=16473"},"modified":"2023-11-14T19:14:50","modified_gmt":"2023-11-14T18:14:50","slug":"bienvenida","status":"publish","type":"page","link":"https:\/\/wdcl.com.co\/es\/bienvenida\/","title":{"rendered":"Bienvenida"},"content":{"rendered":"<section class=\"wpb-content-wrapper\"><div class=\"vc_row wpb_row vc_row-fluid\"><div class=\"wpb_column vc_column_container vc_col-sm-12\"><div class=\"vc_column-inner\"><div class=\"wpb_wrapper\"><div class=\"vc_row wpb_row vc_inner vc_row-fluid\"><div class=\"wpb_column vc_column_container vc_col-sm-8\"><div class=\"vc_column-inner\"><div class=\"wpb_wrapper\">\n\t<div class=\"wpb_text_column wpb_content_element\" >\n\t\t<div class=\"wpb_wrapper\">\n\t\t\t<p style=\"text-align: justify;\">Apreciados colegas:<\/p>\n<p style=\"text-align: justify;\">Un vez m\u00e1s celebramos la llegada del D\u00eda Mundial del Pulm\u00f3n Cr\u00edtico en su s\u00e9ptima versi\u00f3n. Es preciso recordar que las enfermedades pulmonares son mucho m\u00e1s frecuentes de lo que creemos, tanto en la comunidad, en el hospital y por supuesto tambi\u00e9n en nuestras unidades de cuidados intensivos. En cuidados cr\u00edticos el pulm\u00f3n es el origen de m\u00faltiples patolog\u00edas graves que afectan a muchos otros sistemas org\u00e1nicos y viceversa. Dominar todos los datos sobre diagn\u00f3stico y tratamiento de \u00e9stas enfermedades es todo un gran reto\u00a0 para el intensivista y personal m\u00e9dico en general, agregando los temas de prevenci\u00f3n y rehabilitaci\u00f3n, siendo la lista cada vez m\u00e1s larga para tratar de completar estos temas no s\u00f3lo interesantes, sino tambi\u00e9n muy importantes dentro de nuestro accionar diario en las unidades de cuidados intensivos.<\/p>\n\n\t\t<\/div>\n\t<\/div>\n<\/div><\/div><\/div><div class=\"wpb_column vc_column_container vc_col-sm-4\"><div class=\"vc_column-inner\"><div class=\"wpb_wrapper\">\n\t<div  class=\"wpb_single_image wpb_content_element vc_align_center\">\n\t\t\n\t\t<figure class=\"wpb_wrapper vc_figure\">\n\t\t\t<div class=\"vc_single_image-wrapper vc_box_shadow_3d  vc_box_border_grey\"><img loading=\"lazy\" decoding=\"async\" width=\"600\" height=\"600\" src=\"https:\/\/wdcl.com.co\/wp-content\/uploads\/sites\/2\/2023\/10\/DrAlfredoMatos.jpg\" class=\"vc_single_image-img attachment-full\" alt=\"\" title=\"DrAlfredoMatos\" srcset=\"https:\/\/wdcl.com.co\/wp-content\/uploads\/sites\/2\/2023\/10\/DrAlfredoMatos.jpg 600w, https:\/\/wdcl.com.co\/wp-content\/uploads\/sites\/2\/2023\/10\/DrAlfredoMatos-300x300.jpg 300w, https:\/\/wdcl.com.co\/wp-content\/uploads\/sites\/2\/2023\/10\/DrAlfredoMatos-150x150.jpg 150w, https:\/\/wdcl.com.co\/wp-content\/uploads\/sites\/2\/2023\/10\/DrAlfredoMatos-100x100.jpg 100w\" sizes=\"(max-width: 600px) 100vw, 600px\" \/><\/div>\n\t\t<\/figure>\n\t<\/div>\n<\/div><\/div><\/div><\/div><div class=\"vc_row wpb_row vc_inner vc_row-fluid\"><div class=\"wpb_column vc_column_container vc_col-sm-12\"><div class=\"vc_column-inner\"><div class=\"wpb_wrapper\">\n\t<div class=\"wpb_text_column wpb_content_element\" >\n\t\t<div class=\"wpb_wrapper\">\n\t\t\t<p style=\"text-align: justify;\">Nunca esta dem\u00e1s recordar que con la llegada de la ventilaci\u00f3n mec\u00e1nica, para soportar el pulm\u00f3n, hace m\u00e1s de 70 a\u00f1os se abre un nuevo mundo en temas relacionados al pulm\u00f3n y que sobre todo este hecho ha logrado mejorar enormemente la sobrevida de muchos pacientes que de lo contrario habr\u00edan fallecido. Por consiguiente, la ventilaci\u00f3n mec\u00e1nica es uno de los iconos que representan la existencia misma de las unidades de cuidados intensivos al igual que muchos otros tratamientos propios del pulm\u00f3n cr\u00edtico.<\/p>\n<p style=\"text-align: justify;\">Uno de los principales objetivos de la Federaci\u00f3n Panamericana e Ib\u00e9rica de Medicina Cr\u00edtica y Terapia Intensiva (FEPIMCTI) es mejorar el nivel educativo en todos los \u00e1mbitos de la medicina cr\u00edtica, siendo los temas del pulm\u00f3n cr\u00edtico uno de nuestros principales aspectos educativos.<br \/>\nEn consecuencia, en esta S\u00e9ptima versi\u00f3n del d\u00eda del pulm\u00f3n cr\u00edtico, aplaudimos y felicitamos ampliamente esta iniciativa extensiva a todo el grupo organizador encabezados por el Dr. Pablo Cardinale, Dr. Blanch, Dra. Martin-Delgado, Dr. Lorente, Dr. Villanueva, Dr. Jibaja, Dr. Ortiz, Dr. Benalcazar y Dr. Rubulotta.<\/p>\n<p style=\"text-align: justify;\">Confiamos que todos los temas que se presentaran en el \u201cD\u00eda del Pulm\u00f3n Cr\u00edtico 2023\u201d ser\u00e1n de amplio beneficio para todos los participantes.<br \/>\nPor consiguiente nos toca disfrutar de este amplio abanico de conocimientos que nos van a mostrar.<\/p>\n<p><strong>Bienvenidos al D\u00eda del Pulm\u00f3n Cr\u00edtico 2023.<\/strong><br \/>\n<strong>Dr. Alfredo Alberto Matos Adames FCC<\/strong><br \/>\n<strong>Presidente de la FEPIMCTI<\/strong><\/p>\n\n\t\t<\/div>\n\t<\/div>\n<\/div><\/div><\/div><\/div><\/div><\/div><\/div><\/div>\n<\/section>","protected":false},"excerpt":{"rendered":"Apreciados colegas: Un vez m\u00e1s celebramos la llegada del D\u00eda Mundial del Pulm\u00f3n Cr\u00edtico en su s\u00e9ptima versi\u00f3n. Es preciso recordar que las enfermedades pulmonares son mucho m\u00e1s frecuentes de lo que creemos, tanto en la comunidad, en el hospital y por supuesto tambi\u00e9n en nuestras unidades de cuidados intensivos. En cuidados cr\u00edticos el pulm\u00f3n [...]","protected":false},"author":1,"featured_media":0,"parent":0,"menu_order":0,"comment_status":"closed","ping_status":"closed","template":"","meta":{"footnotes":""},"_links":{"self":[{"href":"https:\/\/wdcl.com.co\/es\/wp-json\/wp\/v2\/pages\/16473"}],"collection":[{"href":"https:\/\/wdcl.com.co\/es\/wp-json\/wp\/v2\/pages"}],"about":[{"href":"https:\/\/wdcl.com.co\/es\/wp-json\/wp\/v2\/types\/page"}],"author":[{"embeddable":true,"href":"https:\/\/wdcl.com.co\/es\/wp-json\/wp\/v2\/users\/1"}],"replies":[{"embeddable":true,"href":"https:\/\/wdcl.com.co\/es\/wp-json\/wp\/v2\/comments?post=16473"}],"version-history":[{"count":5,"href":"https:\/\/wdcl.com.co\/es\/wp-json\/wp\/v2\/pages\/16473\/revisions"}],"predecessor-version":[{"id":16478,"href":"https:\/\/wdcl.com.co\/es\/wp-json\/wp\/v2\/pages\/16473\/revisions\/16478"}],"wp:attachment":[{"href":"https:\/\/wdcl.com.co\/es\/wp-json\/wp\/v2\/media?parent=16473"}],"curies":[{"name":"wp","href":"https:\/\/api.w.org\/{rel}","templated":true}]}}